{"id":645,"date":"2023-10-14T17:34:35","date_gmt":"2023-10-14T17:34:35","guid":{"rendered":"https:\/\/madridnorteciclismo.es\/?page_id=645"},"modified":"2026-07-02T15:29:32","modified_gmt":"2026-07-02T13:29:32","slug":"inicio","status":"publish","type":"page","link":"https:\/\/madridnorteciclismo.es\/","title":{"rendered":"Inicio"},"content":{"rendered":"\n<div class=\"wp-block-columns is-layout-flex wp-container-core-columns-is-layout-8f761849 wp-block-columns-is-layout-flex\">\n<div class=\"wp-block-column is-layout-flow wp-block-column-is-layout-flow\" style=\"flex-basis:50%\">\n<p class=\"wp-block-paragraph\"><strong><a href=\"https:\/\/madridnorteciclismo.es\/index.php\/blog\/\"><strong><\/strong><\/a><strong><a href=\"https:\/\/madridnorteciclismo.es\/index.php\/blog\/\">\u00daLTIMAS NOTICIAS:<\/a><\/strong><\/strong><\/p>\n\n\n<ul class=\"wp-block-latest-posts__list has-dates wp-block-latest-posts is-layout-flow wp-block-latest-posts-is-layout-flow\"><li><div class=\"wp-block-latest-posts__featured-image alignleft\"><a href=\"https:\/\/madridnorteciclismo.es\/index.php\/2026\/07\/25\/madrid-norte-ciclismo-en-el-g-p-ciclista-ayuntamiento-s-s-reyes-i-memorial-david-cabrero\/\" aria-label=\"Madrid Norte Ciclismo en el G.P. Ciclista Ayuntamiento S.S. Reyes &#8211; I Memorial David Cabrero\"><img loading=\"lazy\" decoding=\"async\" width=\"150\" height=\"150\" src=\"https:\/\/madridnorteciclismo.es\/wp-content\/uploads\/2026\/07\/07-IMG_20260725_115500857-edited-150x150.jpg\" class=\"attachment-thumbnail size-thumbnail wp-post-image\" alt=\"\" style=\"\" data-attachment-id=\"4444\" data-permalink=\"https:\/\/madridnorteciclismo.es\/07-img_20260725_115500857-2\/\" data-orig-file=\"https:\/\/madridnorteciclismo.es\/wp-content\/uploads\/2026\/07\/07-IMG_20260725_115500857-edited.jpg\" data-orig-size=\"2550,1920\" data-comments-opened=\"0\" data-image-title=\"07-IMG_20260725_115500857\" data-image-description=\"\" data-image-caption=\"\" data-large-file=\"https:\/\/madridnorteciclismo.es\/wp-content\/uploads\/2026\/07\/07-IMG_20260725_115500857-edited-1024x771.jpg\" \/><\/a><\/div><a class=\"wp-block-latest-posts__post-title\" href=\"https:\/\/madridnorteciclismo.es\/index.php\/2026\/07\/25\/madrid-norte-ciclismo-en-el-g-p-ciclista-ayuntamiento-s-s-reyes-i-memorial-david-cabrero\/\">Madrid Norte Ciclismo en el G.P. Ciclista Ayuntamiento S.S. Reyes &#8211; I Memorial David Cabrero<\/a><time datetime=\"2026-07-25T17:45:39+02:00\" class=\"wp-block-latest-posts__post-date\">25 de julio de 2026<\/time><div class=\"wp-block-latest-posts__post-excerpt\">El 25 de julio de 2026 se ha celebrado el G.P. Ciclista&#8230; <a class=\"wp-block-latest-posts__read-more\" href=\"https:\/\/madridnorteciclismo.es\/index.php\/2026\/07\/25\/madrid-norte-ciclismo-en-el-g-p-ciclista-ayuntamiento-s-s-reyes-i-memorial-david-cabrero\/\" rel=\"noopener noreferrer\">Leer m\u00e1s<span class=\"screen-reader-text\">: Madrid Norte Ciclismo en el G.P. Ciclista Ayuntamiento S.S. Reyes &#8211; I Memorial David Cabrero<\/span><\/a><\/div><\/li>\n<\/ul><\/div>\n<\/div>\n\n\n\n<hr class=\"wp-block-separator aligncenter has-text-color has-alpha-channel-opacity has-background is-style-wide\" style=\"background-color:#ff4400;color:#ff4400\"\/>\n\n\n\n<h1 class=\"wp-block-heading has-text-align-center has-text-color has-link-color has-large-font-size wp-elements-1\" style=\"color:#ff4400\">Escuela Ciclista Sanchinarro<\/h1>\n\n\n\n<h2 class=\"wp-block-heading has-text-align-center\" style=\"font-size:24px\">Aprende, divi\u00e9rtete y compite con los mejores en carreras de CicloCross, Pista, MTB y Carretera. La escuela ciclista que te acompa\u00f1ar\u00e1 a lo m\u00e1s alto del podium.<\/h2>\n\n\n\n<div class=\"wp-block-group is-content-justification-center is-nowrap is-layout-flex wp-container-core-group-is-layout-d05cb3ef wp-block-group-is-layout-flex\">\n<ul style=\"font-size:24px\" class=\"wp-block-list has-black-color has-text-color has-link-color wp-elements-2\">\n<li style=\"font-size:20px;font-style:normal;font-weight:400\">Seguridad vial, normas de circulaci\u00f3n, mec\u00e1nica de la bicicleta&#8230;<\/li>\n\n\n\n<li style=\"font-size:20px;font-style:normal;font-weight:400\">Desarrollo f\u00edsico, fuerza, resistencia, coordinaci\u00f3n, equilibrio, t\u00e9cnica\u2026<\/li>\n\n\n\n<li style=\"font-size:20px;font-style:normal;font-weight:400\">Desarrollo personal, esfuerzo, trabajo, respeto, motivaci\u00f3n compa\u00f1erismo&#8230;<\/li>\n<\/ul>\n<\/div>\n\n\n\n<div class=\"wp-block-jetpack-slideshow aligncenter\" data-autoplay=\"true\" data-delay=\"1\" data-effect=\"slide\" style=\"--aspect-ratio:calc(1024 \/ 574)\"><div class=\"wp-block-jetpack-slideshow_container swiper\"><ul class=\"wp-block-jetpack-slideshow_swiper-wrapper swiper-wrapper\"><li class=\"wp-block-jetpack-slideshow_slide swiper-slide\"><figure><img loading=\"lazy\" decoding=\"async\" width=\"1024\" height=\"574\" alt=\"\" class=\"wp-block-jetpack-slideshow_image wp-image-3290\" data-id=\"3290\" data-aspect-ratio=\"1024 \/ 574\" src=\"https:\/\/madridnorteciclismo.es\/wp-content\/uploads\/2025\/07\/Imagen1-1024x574.jpg\" srcset=\"https:\/\/madridnorteciclismo.es\/wp-content\/uploads\/2025\/07\/Imagen1-1024x574.jpg 1024w, https:\/\/madridnorteciclismo.es\/wp-content\/uploads\/2025\/07\/Imagen1-300x168.jpg 300w, https:\/\/madridnorteciclismo.es\/wp-content\/uploads\/2025\/07\/Imagen1-768x430.jpg 768w, https:\/\/madridnorteciclismo.es\/wp-content\/uploads\/2025\/07\/Imagen1.jpg 1278w\" sizes=\"(max-width: 1024px) 100vw, 1024px\" \/><\/figure><\/li><li class=\"wp-block-jetpack-slideshow_slide swiper-slide\"><figure><img loading=\"lazy\" decoding=\"async\" width=\"1024\" height=\"573\" alt=\"\" class=\"wp-block-jetpack-slideshow_image wp-image-3291\" data-id=\"3291\" data-aspect-ratio=\"1024 \/ 573\" src=\"https:\/\/madridnorteciclismo.es\/wp-content\/uploads\/2025\/07\/Imagen2-1024x573.jpg\" srcset=\"https:\/\/madridnorteciclismo.es\/wp-content\/uploads\/2025\/07\/Imagen2-1024x573.jpg 1024w, https:\/\/madridnorteciclismo.es\/wp-content\/uploads\/2025\/07\/Imagen2-300x168.jpg 300w, https:\/\/madridnorteciclismo.es\/wp-content\/uploads\/2025\/07\/Imagen2-768x430.jpg 768w, https:\/\/madridnorteciclismo.es\/wp-content\/uploads\/2025\/07\/Imagen2-1536x859.jpg 1536w, https:\/\/madridnorteciclismo.es\/wp-content\/uploads\/2025\/07\/Imagen2.jpg 1596w\" sizes=\"(max-width: 1024px) 100vw, 1024px\" \/><\/figure><\/li><li class=\"wp-block-jetpack-slideshow_slide swiper-slide\"><figure><img loading=\"lazy\" decoding=\"async\" width=\"1024\" height=\"576\" alt=\"\" class=\"wp-block-jetpack-slideshow_image wp-image-3292\" data-id=\"3292\" data-aspect-ratio=\"1024 \/ 576\" src=\"https:\/\/madridnorteciclismo.es\/wp-content\/uploads\/2025\/07\/Imagen3-1024x576.jpg\" srcset=\"https:\/\/madridnorteciclismo.es\/wp-content\/uploads\/2025\/07\/Imagen3-1024x576.jpg 1024w, https:\/\/madridnorteciclismo.es\/wp-content\/uploads\/2025\/07\/Imagen3-300x169.jpg 300w, https:\/\/madridnorteciclismo.es\/wp-content\/uploads\/2025\/07\/Imagen3-768x432.jpg 768w, https:\/\/madridnorteciclismo.es\/wp-content\/uploads\/2025\/07\/Imagen3.jpg 1280w\" sizes=\"(max-width: 1024px) 100vw, 1024px\" \/><\/figure><\/li><li class=\"wp-block-jetpack-slideshow_slide swiper-slide\"><figure><img loading=\"lazy\" decoding=\"async\" width=\"1024\" height=\"570\" alt=\"\" class=\"wp-block-jetpack-slideshow_image wp-image-3293\" data-id=\"3293\" data-aspect-ratio=\"1024 \/ 570\" src=\"https:\/\/madridnorteciclismo.es\/wp-content\/uploads\/2025\/07\/Imagen4-1024x570.jpg\" srcset=\"https:\/\/madridnorteciclismo.es\/wp-content\/uploads\/2025\/07\/Imagen4-1024x570.jpg 1024w, https:\/\/madridnorteciclismo.es\/wp-content\/uploads\/2025\/07\/Imagen4-300x167.jpg 300w, https:\/\/madridnorteciclismo.es\/wp-content\/uploads\/2025\/07\/Imagen4-768x427.jpg 768w, https:\/\/madridnorteciclismo.es\/wp-content\/uploads\/2025\/07\/Imagen4-1536x855.jpg 1536w, https:\/\/madridnorteciclismo.es\/wp-content\/uploads\/2025\/07\/Imagen4-2048x1140.jpg 2048w\" sizes=\"(max-width: 1024px) 100vw, 1024px\" \/><\/figure><\/li><li class=\"wp-block-jetpack-slideshow_slide swiper-slide\"><figure><img loading=\"lazy\" decoding=\"async\" width=\"1024\" height=\"584\" alt=\"\" class=\"wp-block-jetpack-slideshow_image wp-image-4051\" data-id=\"4051\" data-aspect-ratio=\"1024 \/ 584\" src=\"https:\/\/madridnorteciclismo.es\/wp-content\/uploads\/2025\/12\/foto-entrada-1-1024x584.jpg\" srcset=\"https:\/\/madridnorteciclismo.es\/wp-content\/uploads\/2025\/12\/foto-entrada-1-1024x584.jpg 1024w, https:\/\/madridnorteciclismo.es\/wp-content\/uploads\/2025\/12\/foto-entrada-1-300x171.jpg 300w, https:\/\/madridnorteciclismo.es\/wp-content\/uploads\/2025\/12\/foto-entrada-1-768x438.jpg 768w, https:\/\/madridnorteciclismo.es\/wp-content\/uploads\/2025\/12\/foto-entrada-1.jpg 1167w\" sizes=\"(max-width: 1024px) 100vw, 1024px\" \/><\/figure><\/li><li class=\"wp-block-jetpack-slideshow_slide swiper-slide\"><figure><img loading=\"lazy\" decoding=\"async\" width=\"1024\" height=\"574\" alt=\"\" class=\"wp-block-jetpack-slideshow_image wp-image-3294\" data-id=\"3294\" data-aspect-ratio=\"1024 \/ 574\" src=\"https:\/\/madridnorteciclismo.es\/wp-content\/uploads\/2025\/07\/Imagen5-1024x574.jpg\" srcset=\"https:\/\/madridnorteciclismo.es\/wp-content\/uploads\/2025\/07\/Imagen5-1024x574.jpg 1024w, https:\/\/madridnorteciclismo.es\/wp-content\/uploads\/2025\/07\/Imagen5-300x168.jpg 300w, https:\/\/madridnorteciclismo.es\/wp-content\/uploads\/2025\/07\/Imagen5-768x430.jpg 768w, https:\/\/madridnorteciclismo.es\/wp-content\/uploads\/2025\/07\/Imagen5-1536x860.jpg 1536w, https:\/\/madridnorteciclismo.es\/wp-content\/uploads\/2025\/07\/Imagen5-2048x1147.jpg 2048w\" sizes=\"(max-width: 1024px) 100vw, 1024px\" \/><\/figure><\/li><li class=\"wp-block-jetpack-slideshow_slide swiper-slide\"><figure><img loading=\"lazy\" decoding=\"async\" width=\"1024\" height=\"574\" alt=\"\" class=\"wp-block-jetpack-slideshow_image wp-image-3295\" data-id=\"3295\" data-aspect-ratio=\"1024 \/ 574\" src=\"https:\/\/madridnorteciclismo.es\/wp-content\/uploads\/2025\/07\/Imagen6-1024x574.jpg\" srcset=\"https:\/\/madridnorteciclismo.es\/wp-content\/uploads\/2025\/07\/Imagen6-1024x574.jpg 1024w, https:\/\/madridnorteciclismo.es\/wp-content\/uploads\/2025\/07\/Imagen6-300x168.jpg 300w, https:\/\/madridnorteciclismo.es\/wp-content\/uploads\/2025\/07\/Imagen6-768x430.jpg 768w, https:\/\/madridnorteciclismo.es\/wp-content\/uploads\/2025\/07\/Imagen6.jpg 1280w\" sizes=\"(max-width: 1024px) 100vw, 1024px\" \/><\/figure><\/li><li class=\"wp-block-jetpack-slideshow_slide swiper-slide\"><figure><img loading=\"lazy\" decoding=\"async\" width=\"1024\" height=\"570\" alt=\"\" class=\"wp-block-jetpack-slideshow_image wp-image-3296\" data-id=\"3296\" data-aspect-ratio=\"1024 \/ 570\" src=\"https:\/\/madridnorteciclismo.es\/wp-content\/uploads\/2025\/07\/Imagen7-1024x570.jpg\" srcset=\"https:\/\/madridnorteciclismo.es\/wp-content\/uploads\/2025\/07\/Imagen7-1024x570.jpg 1024w, https:\/\/madridnorteciclismo.es\/wp-content\/uploads\/2025\/07\/Imagen7-300x167.jpg 300w, https:\/\/madridnorteciclismo.es\/wp-content\/uploads\/2025\/07\/Imagen7-768x427.jpg 768w, https:\/\/madridnorteciclismo.es\/wp-content\/uploads\/2025\/07\/Imagen7.jpg 1280w\" sizes=\"(max-width: 1024px) 100vw, 1024px\" \/><\/figure><\/li><li class=\"wp-block-jetpack-slideshow_slide swiper-slide\"><figure><img loading=\"lazy\" decoding=\"async\" width=\"1024\" height=\"579\" alt=\"\" class=\"wp-block-jetpack-slideshow_image wp-image-3297\" data-id=\"3297\" data-aspect-ratio=\"1024 \/ 579\" src=\"https:\/\/madridnorteciclismo.es\/wp-content\/uploads\/2025\/07\/Imagen8-1024x579.jpg\" srcset=\"https:\/\/madridnorteciclismo.es\/wp-content\/uploads\/2025\/07\/Imagen8-1024x579.jpg 1024w, https:\/\/madridnorteciclismo.es\/wp-content\/uploads\/2025\/07\/Imagen8-300x170.jpg 300w, https:\/\/madridnorteciclismo.es\/wp-content\/uploads\/2025\/07\/Imagen8-768x434.jpg 768w, https:\/\/madridnorteciclismo.es\/wp-content\/uploads\/2025\/07\/Imagen8-1536x869.jpg 1536w, https:\/\/madridnorteciclismo.es\/wp-content\/uploads\/2025\/07\/Imagen8.jpg 1600w\" sizes=\"(max-width: 1024px) 100vw, 1024px\" \/><\/figure><\/li><li class=\"wp-block-jetpack-slideshow_slide swiper-slide\"><figure><img loading=\"lazy\" decoding=\"async\" width=\"1024\" height=\"574\" alt=\"\" class=\"wp-block-jetpack-slideshow_image wp-image-3298\" data-id=\"3298\" data-aspect-ratio=\"1024 \/ 574\" src=\"https:\/\/madridnorteciclismo.es\/wp-content\/uploads\/2025\/07\/Imagen9-1024x574.jpg\" srcset=\"https:\/\/madridnorteciclismo.es\/wp-content\/uploads\/2025\/07\/Imagen9-1024x574.jpg 1024w, https:\/\/madridnorteciclismo.es\/wp-content\/uploads\/2025\/07\/Imagen9-300x168.jpg 300w, https:\/\/madridnorteciclismo.es\/wp-content\/uploads\/2025\/07\/Imagen9-768x430.jpg 768w, https:\/\/madridnorteciclismo.es\/wp-content\/uploads\/2025\/07\/Imagen9.jpg 1274w\" sizes=\"(max-width: 1024px) 100vw, 1024px\" \/><\/figure><\/li><li class=\"wp-block-jetpack-slideshow_slide swiper-slide\"><figure><img loading=\"lazy\" decoding=\"async\" width=\"1024\" height=\"574\" alt=\"\" class=\"wp-block-jetpack-slideshow_image wp-image-3299\" data-id=\"3299\" data-aspect-ratio=\"1024 \/ 574\" src=\"https:\/\/madridnorteciclismo.es\/wp-content\/uploads\/2025\/07\/Imagen10-1024x574.jpg\" srcset=\"https:\/\/madridnorteciclismo.es\/wp-content\/uploads\/2025\/07\/Imagen10-1024x574.jpg 1024w, https:\/\/madridnorteciclismo.es\/wp-content\/uploads\/2025\/07\/Imagen10-300x168.jpg 300w, https:\/\/madridnorteciclismo.es\/wp-content\/uploads\/2025\/07\/Imagen10-768x431.jpg 768w, https:\/\/madridnorteciclismo.es\/wp-content\/uploads\/2025\/07\/Imagen10-1536x861.jpg 1536w, https:\/\/madridnorteciclismo.es\/wp-content\/uploads\/2025\/07\/Imagen10.jpg 1596w\" sizes=\"(max-width: 1024px) 100vw, 1024px\" \/><\/figure><\/li><li class=\"wp-block-jetpack-slideshow_slide swiper-slide\"><figure><img loading=\"lazy\" decoding=\"async\" width=\"1024\" height=\"577\" alt=\"\" class=\"wp-block-jetpack-slideshow_image wp-image-3300\" data-id=\"3300\" data-aspect-ratio=\"1024 \/ 577\" src=\"https:\/\/madridnorteciclismo.es\/wp-content\/uploads\/2025\/07\/Imagen11-1024x577.jpg\" srcset=\"https:\/\/madridnorteciclismo.es\/wp-content\/uploads\/2025\/07\/Imagen11-1024x577.jpg 1024w, https:\/\/madridnorteciclismo.es\/wp-content\/uploads\/2025\/07\/Imagen11-300x169.jpg 300w, https:\/\/madridnorteciclismo.es\/wp-content\/uploads\/2025\/07\/Imagen11-768x433.jpg 768w, https:\/\/madridnorteciclismo.es\/wp-content\/uploads\/2025\/07\/Imagen11.jpg 1276w\" sizes=\"(max-width: 1024px) 100vw, 1024px\" \/><\/figure><\/li><li class=\"wp-block-jetpack-slideshow_slide swiper-slide\"><figure><img loading=\"lazy\" decoding=\"async\" width=\"960\" height=\"537\" alt=\"\" class=\"wp-block-jetpack-slideshow_image wp-image-3301\" data-id=\"3301\" src=\"https:\/\/madridnorteciclismo.es\/wp-content\/uploads\/2025\/07\/Imagen12.jpg\" srcset=\"https:\/\/madridnorteciclismo.es\/wp-content\/uploads\/2025\/07\/Imagen12.jpg 960w, https:\/\/madridnorteciclismo.es\/wp-content\/uploads\/2025\/07\/Imagen12-300x168.jpg 300w, https:\/\/madridnorteciclismo.es\/wp-content\/uploads\/2025\/07\/Imagen12-768x430.jpg 768w\" sizes=\"(max-width: 960px) 100vw, 960px\" \/><\/figure><\/li><li class=\"wp-block-jetpack-slideshow_slide swiper-slide\"><figure><img loading=\"lazy\" decoding=\"async\" width=\"1024\" height=\"569\" alt=\"\" class=\"wp-block-jetpack-slideshow_image wp-image-3302\" data-id=\"3302\" data-aspect-ratio=\"1024 \/ 569\" src=\"https:\/\/madridnorteciclismo.es\/wp-content\/uploads\/2025\/07\/Imagen13-1024x569.jpg\" srcset=\"https:\/\/madridnorteciclismo.es\/wp-content\/uploads\/2025\/07\/Imagen13-1024x569.jpg 1024w, https:\/\/madridnorteciclismo.es\/wp-content\/uploads\/2025\/07\/Imagen13-300x167.jpg 300w, https:\/\/madridnorteciclismo.es\/wp-content\/uploads\/2025\/07\/Imagen13-768x427.jpg 768w, https:\/\/madridnorteciclismo.es\/wp-content\/uploads\/2025\/07\/Imagen13.jpg 1281w\" sizes=\"(max-width: 1024px) 100vw, 1024px\" \/><\/figure><\/li><li class=\"wp-block-jetpack-slideshow_slide swiper-slide\"><figure><img loading=\"lazy\" decoding=\"async\" width=\"1024\" height=\"576\" alt=\"\" class=\"wp-block-jetpack-slideshow_image wp-image-3303\" data-id=\"3303\" data-aspect-ratio=\"1024 \/ 576\" src=\"https:\/\/madridnorteciclismo.es\/wp-content\/uploads\/2025\/07\/Imagen14-1024x576.jpg\" srcset=\"https:\/\/madridnorteciclismo.es\/wp-content\/uploads\/2025\/07\/Imagen14-1024x576.jpg 1024w, https:\/\/madridnorteciclismo.es\/wp-content\/uploads\/2025\/07\/Imagen14-300x169.jpg 300w, https:\/\/madridnorteciclismo.es\/wp-content\/uploads\/2025\/07\/Imagen14-768x432.jpg 768w, https:\/\/madridnorteciclismo.es\/wp-content\/uploads\/2025\/07\/Imagen14-1536x863.jpg 1536w, https:\/\/madridnorteciclismo.es\/wp-content\/uploads\/2025\/07\/Imagen14.jpg 1923w\" sizes=\"(max-width: 1024px) 100vw, 1024px\" \/><\/figure><\/li><li class=\"wp-block-jetpack-slideshow_slide swiper-slide\"><figure><img loading=\"lazy\" decoding=\"async\" width=\"1024\" height=\"576\" alt=\"\" class=\"wp-block-jetpack-slideshow_image wp-image-3304\" data-id=\"3304\" data-aspect-ratio=\"1024 \/ 576\" src=\"https:\/\/madridnorteciclismo.es\/wp-content\/uploads\/2025\/07\/Imagen15-1024x576.jpg\" srcset=\"https:\/\/madridnorteciclismo.es\/wp-content\/uploads\/2025\/07\/Imagen15-1024x576.jpg 1024w, https:\/\/madridnorteciclismo.es\/wp-content\/uploads\/2025\/07\/Imagen15-300x169.jpg 300w, https:\/\/madridnorteciclismo.es\/wp-content\/uploads\/2025\/07\/Imagen15-768x432.jpg 768w, https:\/\/madridnorteciclismo.es\/wp-content\/uploads\/2025\/07\/Imagen15.jpg 1280w\" sizes=\"(max-width: 1024px) 100vw, 1024px\" \/><\/figure><\/li><li class=\"wp-block-jetpack-slideshow_slide swiper-slide\"><figure><img loading=\"lazy\" decoding=\"async\" width=\"1024\" height=\"568\" alt=\"\" class=\"wp-block-jetpack-slideshow_image wp-image-3305\" data-id=\"3305\" data-aspect-ratio=\"1024 \/ 568\" src=\"https:\/\/madridnorteciclismo.es\/wp-content\/uploads\/2025\/07\/Imagen16-1024x568.jpg\" srcset=\"https:\/\/madridnorteciclismo.es\/wp-content\/uploads\/2025\/07\/Imagen16-1024x568.jpg 1024w, https:\/\/madridnorteciclismo.es\/wp-content\/uploads\/2025\/07\/Imagen16-300x166.jpg 300w, https:\/\/madridnorteciclismo.es\/wp-content\/uploads\/2025\/07\/Imagen16-768x426.jpg 768w, https:\/\/madridnorteciclismo.es\/wp-content\/uploads\/2025\/07\/Imagen16-1536x852.jpg 1536w, https:\/\/madridnorteciclismo.es\/wp-content\/uploads\/2025\/07\/Imagen16-2048x1136.jpg 2048w\" sizes=\"(max-width: 1024px) 100vw, 1024px\" \/><\/figure><\/li><li class=\"wp-block-jetpack-slideshow_slide swiper-slide\"><figure><img loading=\"lazy\" decoding=\"async\" width=\"1024\" height=\"576\" alt=\"\" class=\"wp-block-jetpack-slideshow_image wp-image-3306\" data-id=\"3306\" data-aspect-ratio=\"1024 \/ 576\" src=\"https:\/\/madridnorteciclismo.es\/wp-content\/uploads\/2025\/07\/Imagen17-1024x576.jpg\" srcset=\"https:\/\/madridnorteciclismo.es\/wp-content\/uploads\/2025\/07\/Imagen17-1024x576.jpg 1024w, https:\/\/madridnorteciclismo.es\/wp-content\/uploads\/2025\/07\/Imagen17-300x169.jpg 300w, https:\/\/madridnorteciclismo.es\/wp-content\/uploads\/2025\/07\/Imagen17-768x432.jpg 768w, https:\/\/madridnorteciclismo.es\/wp-content\/uploads\/2025\/07\/Imagen17.jpg 1276w\" sizes=\"(max-width: 1024px) 100vw, 1024px\" \/><\/figure><\/li><li class=\"wp-block-jetpack-slideshow_slide swiper-slide\"><figure><img loading=\"lazy\" decoding=\"async\" width=\"1024\" height=\"573\" alt=\"\" class=\"wp-block-jetpack-slideshow_image wp-image-3307\" data-id=\"3307\" data-aspect-ratio=\"1024 \/ 573\" src=\"https:\/\/madridnorteciclismo.es\/wp-content\/uploads\/2025\/07\/Imagen18-1024x573.jpg\" srcset=\"https:\/\/madridnorteciclismo.es\/wp-content\/uploads\/2025\/07\/Imagen18-1024x573.jpg 1024w, https:\/\/madridnorteciclismo.es\/wp-content\/uploads\/2025\/07\/Imagen18-300x168.jpg 300w, https:\/\/madridnorteciclismo.es\/wp-content\/uploads\/2025\/07\/Imagen18-768x430.jpg 768w, https:\/\/madridnorteciclismo.es\/wp-content\/uploads\/2025\/07\/Imagen18-1536x860.jpg 1536w, https:\/\/madridnorteciclismo.es\/wp-content\/uploads\/2025\/07\/Imagen18-2048x1146.jpg 2048w\" sizes=\"(max-width: 1024px) 100vw, 1024px\" \/><\/figure><\/li><li class=\"wp-block-jetpack-slideshow_slide swiper-slide\"><figure><img loading=\"lazy\" decoding=\"async\" width=\"1024\" height=\"571\" alt=\"\" class=\"wp-block-jetpack-slideshow_image wp-image-3308\" data-id=\"3308\" data-aspect-ratio=\"1024 \/ 571\" src=\"https:\/\/madridnorteciclismo.es\/wp-content\/uploads\/2025\/07\/Imagen19-1024x571.jpg\" srcset=\"https:\/\/madridnorteciclismo.es\/wp-content\/uploads\/2025\/07\/Imagen19-1024x571.jpg 1024w, https:\/\/madridnorteciclismo.es\/wp-content\/uploads\/2025\/07\/Imagen19-300x167.jpg 300w, https:\/\/madridnorteciclismo.es\/wp-content\/uploads\/2025\/07\/Imagen19-768x428.jpg 768w, https:\/\/madridnorteciclismo.es\/wp-content\/uploads\/2025\/07\/Imagen19-1536x856.jpg 1536w, https:\/\/madridnorteciclismo.es\/wp-content\/uploads\/2025\/07\/Imagen19.jpg 1914w\" sizes=\"(max-width: 1024px) 100vw, 1024px\" \/><\/figure><\/li><li class=\"wp-block-jetpack-slideshow_slide swiper-slide\"><figure><img loading=\"lazy\" decoding=\"async\" width=\"1024\" height=\"575\" alt=\"\" class=\"wp-block-jetpack-slideshow_image wp-image-3309\" data-id=\"3309\" data-aspect-ratio=\"1024 \/ 575\" src=\"https:\/\/madridnorteciclismo.es\/wp-content\/uploads\/2025\/07\/Imagen20-1024x575.jpg\" srcset=\"https:\/\/madridnorteciclismo.es\/wp-content\/uploads\/2025\/07\/Imagen20-1024x575.jpg 1024w, https:\/\/madridnorteciclismo.es\/wp-content\/uploads\/2025\/07\/Imagen20-300x168.jpg 300w, https:\/\/madridnorteciclismo.es\/wp-content\/uploads\/2025\/07\/Imagen20-768x431.jpg 768w, https:\/\/madridnorteciclismo.es\/wp-content\/uploads\/2025\/07\/Imagen20-1536x862.jpg 1536w, https:\/\/madridnorteciclismo.es\/wp-content\/uploads\/2025\/07\/Imagen20-2048x1149.jpg 2048w\" sizes=\"(max-width: 1024px) 100vw, 1024px\" \/><\/figure><\/li><li class=\"wp-block-jetpack-slideshow_slide swiper-slide\"><figure><img loading=\"lazy\" decoding=\"async\" width=\"1024\" height=\"575\" alt=\"\" class=\"wp-block-jetpack-slideshow_image wp-image-3310\" data-id=\"3310\" data-aspect-ratio=\"1024 \/ 575\" src=\"https:\/\/madridnorteciclismo.es\/wp-content\/uploads\/2025\/07\/Imagen21-1024x575.jpg\" srcset=\"https:\/\/madridnorteciclismo.es\/wp-content\/uploads\/2025\/07\/Imagen21-1024x575.jpg 1024w, https:\/\/madridnorteciclismo.es\/wp-content\/uploads\/2025\/07\/Imagen21-300x168.jpg 300w, https:\/\/madridnorteciclismo.es\/wp-content\/uploads\/2025\/07\/Imagen21-768x431.jpg 768w, https:\/\/madridnorteciclismo.es\/wp-content\/uploads\/2025\/07\/Imagen21-1536x862.jpg 1536w, https:\/\/madridnorteciclismo.es\/wp-content\/uploads\/2025\/07\/Imagen21-2048x1150.jpg 2048w\" sizes=\"(max-width: 1024px) 100vw, 1024px\" \/><\/figure><\/li><li class=\"wp-block-jetpack-slideshow_slide swiper-slide\"><figure><img loading=\"lazy\" decoding=\"async\" width=\"1024\" height=\"577\" alt=\"\" class=\"wp-block-jetpack-slideshow_image wp-image-3311\" data-id=\"3311\" data-aspect-ratio=\"1024 \/ 577\" src=\"https:\/\/madridnorteciclismo.es\/wp-content\/uploads\/2025\/07\/Imagen22-1024x577.jpg\" srcset=\"https:\/\/madridnorteciclismo.es\/wp-content\/uploads\/2025\/07\/Imagen22-1024x577.jpg 1024w, https:\/\/madridnorteciclismo.es\/wp-content\/uploads\/2025\/07\/Imagen22-300x169.jpg 300w, https:\/\/madridnorteciclismo.es\/wp-content\/uploads\/2025\/07\/Imagen22-768x433.jpg 768w, https:\/\/madridnorteciclismo.es\/wp-content\/uploads\/2025\/07\/Imagen22-1536x866.jpg 1536w, https:\/\/madridnorteciclismo.es\/wp-content\/uploads\/2025\/07\/Imagen22-2048x1154.jpg 2048w\" sizes=\"(max-width: 1024px) 100vw, 1024px\" \/><\/figure><\/li><li class=\"wp-block-jetpack-slideshow_slide swiper-slide\"><figure><img loading=\"lazy\" decoding=\"async\" width=\"1024\" height=\"572\" alt=\"\" class=\"wp-block-jetpack-slideshow_image wp-image-3312\" data-id=\"3312\" data-aspect-ratio=\"1024 \/ 572\" src=\"https:\/\/madridnorteciclismo.es\/wp-content\/uploads\/2025\/07\/Imagen23-1024x572.jpg\" srcset=\"https:\/\/madridnorteciclismo.es\/wp-content\/uploads\/2025\/07\/Imagen23-1024x572.jpg 1024w, https:\/\/madridnorteciclismo.es\/wp-content\/uploads\/2025\/07\/Imagen23-300x168.jpg 300w, https:\/\/madridnorteciclismo.es\/wp-content\/uploads\/2025\/07\/Imagen23-768x429.jpg 768w, https:\/\/madridnorteciclismo.es\/wp-content\/uploads\/2025\/07\/Imagen23-1536x859.jpg 1536w, https:\/\/madridnorteciclismo.es\/wp-content\/uploads\/2025\/07\/Imagen23.jpg 1603w\" sizes=\"(max-width: 1024px) 100vw, 1024px\" \/><\/figure><\/li><li class=\"wp-block-jetpack-slideshow_slide swiper-slide\"><figure><img loading=\"lazy\" decoding=\"async\" width=\"1024\" height=\"573\" alt=\"\" class=\"wp-block-jetpack-slideshow_image wp-image-3313\" data-id=\"3313\" data-aspect-ratio=\"1024 \/ 573\" src=\"https:\/\/madridnorteciclismo.es\/wp-content\/uploads\/2025\/07\/Imagen24-1024x573.jpg\" srcset=\"https:\/\/madridnorteciclismo.es\/wp-content\/uploads\/2025\/07\/Imagen24-1024x573.jpg 1024w, https:\/\/madridnorteciclismo.es\/wp-content\/uploads\/2025\/07\/Imagen24-300x168.jpg 300w, https:\/\/madridnorteciclismo.es\/wp-content\/uploads\/2025\/07\/Imagen24-768x430.jpg 768w, https:\/\/madridnorteciclismo.es\/wp-content\/uploads\/2025\/07\/Imagen24.jpg 1282w\" sizes=\"(max-width: 1024px) 100vw, 1024px\" \/><\/figure><\/li><li class=\"wp-block-jetpack-slideshow_slide swiper-slide\"><figure><img loading=\"lazy\" decoding=\"async\" width=\"1024\" height=\"571\" alt=\"\" class=\"wp-block-jetpack-slideshow_image wp-image-3314\" data-id=\"3314\" data-aspect-ratio=\"1024 \/ 571\" src=\"https:\/\/madridnorteciclismo.es\/wp-content\/uploads\/2025\/07\/Imagen25-1024x571.jpg\" srcset=\"https:\/\/madridnorteciclismo.es\/wp-content\/uploads\/2025\/07\/Imagen25-1024x571.jpg 1024w, https:\/\/madridnorteciclismo.es\/wp-content\/uploads\/2025\/07\/Imagen25-300x167.jpg 300w, https:\/\/madridnorteciclismo.es\/wp-content\/uploads\/2025\/07\/Imagen25-768x428.jpg 768w, https:\/\/madridnorteciclismo.es\/wp-content\/uploads\/2025\/07\/Imagen25-1536x857.jpg 1536w, https:\/\/madridnorteciclismo.es\/wp-content\/uploads\/2025\/07\/Imagen25.jpg 1601w\" sizes=\"(max-width: 1024px) 100vw, 1024px\" \/><\/figure><\/li><li class=\"wp-block-jetpack-slideshow_slide swiper-slide\"><figure><img loading=\"lazy\" decoding=\"async\" width=\"1024\" height=\"576\" alt=\"\" class=\"wp-block-jetpack-slideshow_image wp-image-3315\" data-id=\"3315\" data-aspect-ratio=\"1024 \/ 576\" src=\"https:\/\/madridnorteciclismo.es\/wp-content\/uploads\/2025\/07\/Imagen26-1024x576.jpg\" srcset=\"https:\/\/madridnorteciclismo.es\/wp-content\/uploads\/2025\/07\/Imagen26-1024x576.jpg 1024w, https:\/\/madridnorteciclismo.es\/wp-content\/uploads\/2025\/07\/Imagen26-300x169.jpg 300w, https:\/\/madridnorteciclismo.es\/wp-content\/uploads\/2025\/07\/Imagen26-768x432.jpg 768w, https:\/\/madridnorteciclismo.es\/wp-content\/uploads\/2025\/07\/Imagen26.jpg 1280w\" sizes=\"(max-width: 1024px) 100vw, 1024px\" \/><\/figure><\/li><\/ul><a class=\"wp-block-jetpack-slideshow_button-prev swiper-button-prev swiper-button-white\" role=\"button\"><\/a><a class=\"wp-block-jetpack-slideshow_button-next swiper-button-next swiper-button-white\" role=\"button\"><\/a><a aria-label=\"Pause Slideshow\" class=\"wp-block-jetpack-slideshow_button-pause\" role=\"button\"><\/a><div class=\"wp-block-jetpack-slideshow_pagination swiper-pagination swiper-pagination-white\"><\/div><\/div><\/div>\n\n\n\n<ul class=\"wp-block-list has-black-color has-text-color has-link-color has-medium-font-size wp-elements-3\">\n<li><strong>Temporada:<\/strong> Del 15 de septiembre al 30 de junio.<\/li>\n\n\n\n<li><strong>Grupo Promesas (7-8 a\u00f1os) y Principiantes (9-10 a\u00f1os):<\/strong> Lunes y mi\u00e9rcoles de 17:30 a 19:00 horas<\/li>\n\n\n\n<li><strong>Grupo Alevines (11-12 a\u00f1os) e Infantiles (13-14 a\u00f1os):<\/strong> Martes y jueves de 17:30 a 19:00 horas<\/li>\n<\/ul>\n\n\n\n<h2 class=\"wp-block-heading has-text-align-center\"><mark style=\"background-color:rgba(0, 0, 0, 0);color:#ff4400\" class=\"has-inline-color\">Si quieres venir a probar 1 clase, contacta con nosotros<\/mark><\/h2>\n\n\n\n<h2 class=\"wp-block-heading has-text-align-center has-text-color has-link-color wp-elements-4\" style=\"color:#ff4400\"><a href=\"https:\/\/madridnorteciclismo.es\/index.php\/escuela-ciclista-sanchinarro\/\"><strong><mark style=\"background-color:rgba(0, 0, 0, 0);color:#ff4400\" class=\"has-inline-color\">+ info<\/mark><\/strong><\/a><\/h2>\n\n\n\n<div class=\"wp-block-buttons is-content-justification-center is-layout-flex wp-container-core-buttons-is-layout-fe48e5de wp-block-buttons-is-layout-flex\">\n<div class=\"wp-block-button is-style-fill\"><a class=\"wp-block-button__link has-custom-font-size wp-element-button\" href=\"https:\/\/madridnorteciclismo.es\/index.php\/inscripciones\/\" style=\"border-radius:20px;font-size:40px;font-style:normal;font-weight:800\">AP\u00daNTATE<\/a><\/div>\n<\/div>\n\n\n\n<hr class=\"wp-block-separator aligncenter has-text-color has-alpha-channel-opacity has-background is-style-wide\" style=\"background-color:#ff4400;color:#ff4400\"\/>\n\n\n\n<hr class=\"wp-block-separator aligncenter has-text-color has-alpha-channel-opacity has-background is-style-wide\" style=\"background-color:#05d100;color:#05d100\"\/>\n\n\n\n<h1 class=\"wp-block-heading has-text-align-center\"><strong><mark style=\"background-color:rgba(0, 0, 0, 0);color:#36ef23\" class=\"has-inline-color\">Salidas en Grupo<\/mark><\/strong><\/h1>\n\n\n\n<h2 class=\"wp-block-heading has-text-align-center\">Entrena en grupo con m\u00e1s ciclistas como t\u00fa y aprovecha el tiempo al m\u00e1ximo<\/h2>\n\n\n\n<div class=\"wp-block-group is-content-justification-center is-nowrap is-layout-flex wp-container-core-group-is-layout-d05cb3ef wp-block-group-is-layout-flex\">\n<ul class=\"wp-block-list has-medium-font-size\">\n<li>Salidas en grupo con la equipaci\u00f3n del club incluida, y con el seguro de la Federaci\u00f3n Madrile\u00f1a de Ciclismo.\n<ul class=\"wp-block-list\">\n<li class=\"has-medium-font-size\"><strong>Grupo padres y madres<\/strong> <strong>MTB<\/strong>:<br> &#8211; Mientras los ni\u00f1os est\u00e1n en extraescolares o en la Escuela Ciclista.<br> &#8211; Lunes y Mi\u00e9rcoles \/ Martes y Jueves 17:30-19:00.<br> &#8211; Nivel bajo-medio.<br> &#8211; Distancia 20-30km.<\/li>\n\n\n\n<li><strong>Grupo fines de semana<\/strong> <strong>MTB<\/strong>:<br> &#8211; Madrugando un poco.<br> &#8211; S\u00e1bados o Domingos 7:00-10:00.<br> &#8211; Nivel medio-alto.<br> &#8211; Distancia 40-60km.<\/li>\n<\/ul>\n<\/li>\n<\/ul>\n<\/div>\n\n\n\n<h2 class=\"wp-block-heading has-text-align-center has-text-color has-link-color wp-elements-5\" style=\"color:#37e137;font-size:24px\">Podr\u00e1s salir indistintamente con cualquiera de los grupos seg\u00fan lo que te apetezca cada d\u00eda.<\/h2>\n\n\n\n<h2 class=\"wp-block-heading has-text-align-center has-text-color has-link-color wp-elements-6\" style=\"color:#21e33b;font-size:24px\"><a href=\"https:\/\/madridnorteciclismo.es\/index.php\/salidas-en-grupo\/\"><strong><mark style=\"background-color:rgba(0, 0, 0, 0);color:#3be62a\" class=\"has-inline-color\">+ info<\/mark><\/strong><\/a><\/h2>\n\n\n\n<div class=\"wp-block-buttons is-content-justification-center is-layout-flex wp-container-core-buttons-is-layout-fe48e5de wp-block-buttons-is-layout-flex\">\n<div class=\"wp-block-button is-style-fill\"><a class=\"wp-block-button__link has-background has-custom-font-size wp-element-button\" href=\"https:\/\/madridnorteciclismo.es\/index.php\/inscripciones\/\" style=\"border-radius:20px;background-color:#4ee323;font-size:40px;font-style:normal;font-weight:800\">AP\u00daNTATE<\/a><\/div>\n<\/div>\n\n\n\n<hr class=\"wp-block-separator aligncenter has-text-color has-alpha-channel-opacity has-background is-style-wide\" style=\"background-color:#4ee223;color:#4ee223\"\/>\n","protected":false},"excerpt":{"rendered":"<p>\u00daLTIMAS NOTICIAS: Escuela Ciclista Sanchinarro Aprende, divi\u00e9rtete y compite con los mejores en carreras de CicloCross, Pista, MTB y Carretera. La escuela ciclista que te acompa\u00f1ar\u00e1 a lo m\u00e1s alto del podium. Si quieres venir a probar 1 clase, contacta con nosotros + info Salidas en Grupo Entrena en grupo con m\u00e1s ciclistas como t\u00fa [&hellip;]<\/p>\n","protected":false},"author":1,"featured_media":3129,"parent":0,"menu_order":0,"comment_status":"closed","ping_status":"closed","template":"","meta":{"footnotes":""},"class_list":["post-645","page","type-page","status-publish","has-post-thumbnail","hentry"],"yoast_head":"<!-- This site is optimized with the Yoast SEO plugin v27.9 - https:\/\/yoast.com\/product\/yoast-seo-wordpress\/ -->\n<title>Inicio - MadridNorteCiclismo<\/title>\n<meta name=\"robots\" content=\"index, follow, max-snippet:-1, max-image-preview:large, max-video-preview:-1\" \/>\n<link rel=\"canonical\" href=\"https:\/\/madridnorteciclismo.es\/\" \/>\n<meta property=\"og:locale\" content=\"es_ES\" \/>\n<meta property=\"og:type\" content=\"article\" \/>\n<meta property=\"og:title\" content=\"Inicio - MadridNorteCiclismo\" \/>\n<meta property=\"og:description\" content=\"\u00daLTIMAS NOTICIAS: Escuela Ciclista Sanchinarro Aprende, divi\u00e9rtete y compite con los mejores en carreras de CicloCross, Pista, MTB y Carretera. La escuela ciclista que te acompa\u00f1ar\u00e1 a lo m\u00e1s alto del podium. Si quieres venir a probar 1 clase, contacta con nosotros + info Salidas en Grupo Entrena en grupo con m\u00e1s ciclistas como t\u00fa [&hellip;]\" \/>\n<meta property=\"og:url\" content=\"https:\/\/madridnorteciclismo.es\/\" \/>\n<meta property=\"og:site_name\" content=\"MadridNorteCiclismo\" \/>\n<meta property=\"article:modified_time\" content=\"2026-07-02T13:29:32+00:00\" \/>\n<meta property=\"og:image\" content=\"https:\/\/madridnorteciclismo.es\/wp-content\/uploads\/2025\/06\/IMG-20250628-WA0019-1-scaled.jpg\" \/>\n\t<meta property=\"og:image:width\" content=\"1920\" \/>\n\t<meta property=\"og:image:height\" content=\"2560\" \/>\n\t<meta property=\"og:image:type\" content=\"image\/jpeg\" \/>\n<meta name=\"twitter:card\" content=\"summary_large_image\" \/>\n<meta name=\"twitter:label1\" content=\"Tiempo de lectura\" \/>\n\t<meta name=\"twitter:data1\" content=\"7 minutos\" \/>\n<script type=\"application\/ld+json\" class=\"yoast-schema-graph\">{\"@context\":\"https:\\\/\\\/schema.org\",\"@graph\":[{\"@type\":\"WebPage\",\"@id\":\"https:\\\/\\\/madridnorteciclismo.es\\\/\",\"url\":\"https:\\\/\\\/madridnorteciclismo.es\\\/\",\"name\":\"Inicio - MadridNorteCiclismo\",\"isPartOf\":{\"@id\":\"https:\\\/\\\/madridnorteciclismo.es\\\/#website\"},\"primaryImageOfPage\":{\"@id\":\"https:\\\/\\\/madridnorteciclismo.es\\\/#primaryimage\"},\"image\":{\"@id\":\"https:\\\/\\\/madridnorteciclismo.es\\\/#primaryimage\"},\"thumbnailUrl\":\"https:\\\/\\\/madridnorteciclismo.es\\\/wp-content\\\/uploads\\\/2025\\\/06\\\/IMG-20250628-WA0019-1-scaled.jpg\",\"datePublished\":\"2023-10-14T17:34:35+00:00\",\"dateModified\":\"2026-07-02T13:29:32+00:00\",\"breadcrumb\":{\"@id\":\"https:\\\/\\\/madridnorteciclismo.es\\\/#breadcrumb\"},\"inLanguage\":\"es\",\"potentialAction\":[{\"@type\":\"ReadAction\",\"target\":[\"https:\\\/\\\/madridnorteciclismo.es\\\/\"]}]},{\"@type\":\"ImageObject\",\"inLanguage\":\"es\",\"@id\":\"https:\\\/\\\/madridnorteciclismo.es\\\/#primaryimage\",\"url\":\"https:\\\/\\\/madridnorteciclismo.es\\\/wp-content\\\/uploads\\\/2025\\\/06\\\/IMG-20250628-WA0019-1-scaled.jpg\",\"contentUrl\":\"https:\\\/\\\/madridnorteciclismo.es\\\/wp-content\\\/uploads\\\/2025\\\/06\\\/IMG-20250628-WA0019-1-scaled.jpg\",\"width\":1920,\"height\":2560},{\"@type\":\"BreadcrumbList\",\"@id\":\"https:\\\/\\\/madridnorteciclismo.es\\\/#breadcrumb\",\"itemListElement\":[{\"@type\":\"ListItem\",\"position\":1,\"name\":\"Portada\",\"item\":\"https:\\\/\\\/madridnorteciclismo.es\\\/\"},{\"@type\":\"ListItem\",\"position\":2,\"name\":\"Inicio\"}]},{\"@type\":\"WebSite\",\"@id\":\"https:\\\/\\\/madridnorteciclismo.es\\\/#website\",\"url\":\"https:\\\/\\\/madridnorteciclismo.es\\\/\",\"name\":\"MadridNorteCiclismo\",\"description\":\"Club Deportivo Elemental y Escuela Ciclista\",\"potentialAction\":[{\"@type\":\"SearchAction\",\"target\":{\"@type\":\"EntryPoint\",\"urlTemplate\":\"https:\\\/\\\/madridnorteciclismo.es\\\/?s={search_term_string}\"},\"query-input\":{\"@type\":\"PropertyValueSpecification\",\"valueRequired\":true,\"valueName\":\"search_term_string\"}}],\"inLanguage\":\"es\"}]}<\/script>\n<!-- \/ Yoast SEO plugin. -->","yoast_head_json":{"title":"Inicio - MadridNorteCiclismo","robots":{"index":"index","follow":"follow","max-snippet":"max-snippet:-1","max-image-preview":"max-image-preview:large","max-video-preview":"max-video-preview:-1"},"canonical":"https:\/\/madridnorteciclismo.es\/","og_locale":"es_ES","og_type":"article","og_title":"Inicio - MadridNorteCiclismo","og_description":"\u00daLTIMAS NOTICIAS: Escuela Ciclista Sanchinarro Aprende, divi\u00e9rtete y compite con los mejores en carreras de CicloCross, Pista, MTB y Carretera. La escuela ciclista que te acompa\u00f1ar\u00e1 a lo m\u00e1s alto del podium. Si quieres venir a probar 1 clase, contacta con nosotros + info Salidas en Grupo Entrena en grupo con m\u00e1s ciclistas como t\u00fa [&hellip;]","og_url":"https:\/\/madridnorteciclismo.es\/","og_site_name":"MadridNorteCiclismo","article_modified_time":"2026-07-02T13:29:32+00:00","og_image":[{"width":1920,"height":2560,"url":"https:\/\/madridnorteciclismo.es\/wp-content\/uploads\/2025\/06\/IMG-20250628-WA0019-1-scaled.jpg","type":"image\/jpeg"}],"twitter_card":"summary_large_image","twitter_misc":{"Tiempo de lectura":"7 minutos"},"schema":{"@context":"https:\/\/schema.org","@graph":[{"@type":"WebPage","@id":"https:\/\/madridnorteciclismo.es\/","url":"https:\/\/madridnorteciclismo.es\/","name":"Inicio - MadridNorteCiclismo","isPartOf":{"@id":"https:\/\/madridnorteciclismo.es\/#website"},"primaryImageOfPage":{"@id":"https:\/\/madridnorteciclismo.es\/#primaryimage"},"image":{"@id":"https:\/\/madridnorteciclismo.es\/#primaryimage"},"thumbnailUrl":"https:\/\/madridnorteciclismo.es\/wp-content\/uploads\/2025\/06\/IMG-20250628-WA0019-1-scaled.jpg","datePublished":"2023-10-14T17:34:35+00:00","dateModified":"2026-07-02T13:29:32+00:00","breadcrumb":{"@id":"https:\/\/madridnorteciclismo.es\/#breadcrumb"},"inLanguage":"es","potentialAction":[{"@type":"ReadAction","target":["https:\/\/madridnorteciclismo.es\/"]}]},{"@type":"ImageObject","inLanguage":"es","@id":"https:\/\/madridnorteciclismo.es\/#primaryimage","url":"https:\/\/madridnorteciclismo.es\/wp-content\/uploads\/2025\/06\/IMG-20250628-WA0019-1-scaled.jpg","contentUrl":"https:\/\/madridnorteciclismo.es\/wp-content\/uploads\/2025\/06\/IMG-20250628-WA0019-1-scaled.jpg","width":1920,"height":2560},{"@type":"BreadcrumbList","@id":"https:\/\/madridnorteciclismo.es\/#breadcrumb","itemListElement":[{"@type":"ListItem","position":1,"name":"Portada","item":"https:\/\/madridnorteciclismo.es\/"},{"@type":"ListItem","position":2,"name":"Inicio"}]},{"@type":"WebSite","@id":"https:\/\/madridnorteciclismo.es\/#website","url":"https:\/\/madridnorteciclismo.es\/","name":"MadridNorteCiclismo","description":"Club Deportivo Elemental y Escuela Ciclista","potentialAction":[{"@type":"SearchAction","target":{"@type":"EntryPoint","urlTemplate":"https:\/\/madridnorteciclismo.es\/?s={search_term_string}"},"query-input":{"@type":"PropertyValueSpecification","valueRequired":true,"valueName":"search_term_string"}}],"inLanguage":"es"}]}},"jetpack-related-posts":[{"id":14,"url":"https:\/\/madridnorteciclismo.es\/index.php\/blog\/","url_meta":{"origin":645,"position":0},"title":"Noticias","author":"Madridnorteciclismo","date":"27 de julio de 2023","format":false,"excerpt":"Noticias","rel":"","context":"Entrada similar","block_context":{"text":"Entrada similar","link":""},"img":{"alt_text":"","src":"","width":0,"height":0},"classes":[]},{"id":541,"url":"https:\/\/madridnorteciclismo.es\/index.php\/el-club\/normas-generales-del-club\/","url_meta":{"origin":645,"position":1},"title":"Normas generales del club","author":"Madridnorteciclismo","date":"13 de octubre de 2023","format":false,"excerpt":"Normas generales del club Seg\u00fan lo acordado por la Asamblea General del club Madrid Norte Ciclismo Club Deportivo Elemental (en adelante, el club), durante la Junta Extraordinaria del d\u00eda 02\/12\/2023, se aprueba el contenido del presente Reglamento Interno como conjunto de normas de obligado cumplimiento y gu\u00eda para regir el\u2026","rel":"","context":"Entrada similar","block_context":{"text":"Entrada similar","link":""},"img":{"alt_text":"","src":"https:\/\/i0.wp.com\/madridnorteciclismo.es\/wp-content\/uploads\/2023\/10\/Participantes-Carreras2023.png?resize=350%2C200&ssl=1","width":350,"height":200,"srcset":"https:\/\/i0.wp.com\/madridnorteciclismo.es\/wp-content\/uploads\/2023\/10\/Participantes-Carreras2023.png?resize=350%2C200&ssl=1 1x, https:\/\/i0.wp.com\/madridnorteciclismo.es\/wp-content\/uploads\/2023\/10\/Participantes-Carreras2023.png?resize=525%2C300&ssl=1 1.5x, https:\/\/i0.wp.com\/madridnorteciclismo.es\/wp-content\/uploads\/2023\/10\/Participantes-Carreras2023.png?resize=700%2C400&ssl=1 2x"},"classes":[]},{"id":1652,"url":"https:\/\/madridnorteciclismo.es\/index.php\/el-club\/","url_meta":{"origin":645,"position":2},"title":"El Club","author":"Madridnorteciclismo","date":"8 de diciembre de 2023","format":false,"excerpt":"El Club Madrid Norte Ciclismo es el club deportivo que dirige y organiza la\u00a0Escuela Ciclista Queremos fomentar el deporte y la salud a trav\u00e9s de la pr\u00e1ctica del ciclismo. Para conseguirlo, es fundamental comenzar por la base, formando a los m\u00e1s peque\u00f1os (de 6 a 14 a\u00f1os) de una manera\u2026","rel":"","context":"Entrada similar","block_context":{"text":"Entrada similar","link":""},"img":{"alt_text":"","src":"https:\/\/i0.wp.com\/madridnorteciclismo.es\/wp-content\/uploads\/2023\/12\/nosotros.jpg?resize=350%2C200&ssl=1","width":350,"height":200,"srcset":"https:\/\/i0.wp.com\/madridnorteciclismo.es\/wp-content\/uploads\/2023\/12\/nosotros.jpg?resize=350%2C200&ssl=1 1x, https:\/\/i0.wp.com\/madridnorteciclismo.es\/wp-content\/uploads\/2023\/12\/nosotros.jpg?resize=525%2C300&ssl=1 1.5x, https:\/\/i0.wp.com\/madridnorteciclismo.es\/wp-content\/uploads\/2023\/12\/nosotros.jpg?resize=700%2C400&ssl=1 2x"},"classes":[]},{"id":502,"url":"https:\/\/madridnorteciclismo.es\/index.php\/politica-de-cookies\/","url_meta":{"origin":645,"position":3},"title":"Pol\u00edtica de Cookies","author":"Madridnorteciclismo","date":"13 de octubre de 2023","format":false,"excerpt":"Pol\u00edtica de Cookies 1.\u00a0\u00a0\u00a0\u00a0\u00a0\u00a0\u00a0 Informaci\u00f3n sobre cookies Conforme con la Ley 34\/2002, de 11 de julio, de servicios de la sociedad de la informaci\u00f3n y de comercio electr\u00f3nico (LSSI), en relaci\u00f3n con el Reglamento (UE) 2016\/679 del Parlamento Europeo y del Consejo, de 27 de abril de 2016, General de\u2026","rel":"","context":"Entrada similar","block_context":{"text":"Entrada similar","link":""},"img":{"alt_text":"","src":"","width":0,"height":0},"classes":[]},{"id":10,"url":"https:\/\/madridnorteciclismo.es\/index.php\/escuela-ciclista-sanchinarro\/normas-escuela\/","url_meta":{"origin":645,"position":4},"title":"Normas Escuela","author":"Madridnorteciclismo","date":"27 de julio de 2023","format":false,"excerpt":"Normas Escuela Adem\u00e1s de las normas generales del Club, los integrantes de la escuela ciclista deber\u00e1n conocer y entender las siguientes normas espec\u00edficas de la Escuela para cumplirlas en todo momento: La Escuela de Madrid Norte Ciclismo est\u00e1 dedicada a la formaci\u00f3n de \u201cfuturos ciclistas\u201d de entre 6 y 14\u2026","rel":"","context":"Entrada similar","block_context":{"text":"Entrada similar","link":""},"img":{"alt_text":"","src":"https:\/\/i0.wp.com\/madridnorteciclismo.es\/wp-content\/uploads\/2025\/07\/Imagen14.jpg?resize=350%2C200&ssl=1","width":350,"height":200,"srcset":"https:\/\/i0.wp.com\/madridnorteciclismo.es\/wp-content\/uploads\/2025\/07\/Imagen14.jpg?resize=350%2C200&ssl=1 1x, https:\/\/i0.wp.com\/madridnorteciclismo.es\/wp-content\/uploads\/2025\/07\/Imagen14.jpg?resize=525%2C300&ssl=1 1.5x, https:\/\/i0.wp.com\/madridnorteciclismo.es\/wp-content\/uploads\/2025\/07\/Imagen14.jpg?resize=700%2C400&ssl=1 2x, https:\/\/i0.wp.com\/madridnorteciclismo.es\/wp-content\/uploads\/2025\/07\/Imagen14.jpg?resize=1050%2C600&ssl=1 3x, https:\/\/i0.wp.com\/madridnorteciclismo.es\/wp-content\/uploads\/2025\/07\/Imagen14.jpg?resize=1400%2C800&ssl=1 4x"},"classes":[]},{"id":3,"url":"https:\/\/madridnorteciclismo.es\/index.php\/politica-privacidad\/","url_meta":{"origin":645,"position":5},"title":"Pol\u00edtica de Privacidad","author":"Madridnorteciclismo","date":"27 de julio de 2023","format":false,"excerpt":"Pol\u00edtica de Privacidad En cumplimiento de la normativa vigente en materia de protecci\u00f3n de datos, Reglamento (UE) 2016\/679 del Parlamento Europeo y del Consejo de 27 de abril de 2016 (GDPR), Ley Org\u00e1nica de Protecci\u00f3n de Datos de Car\u00e1cter Personal (LOPDCP, 15\/99), Reglamento de Desarrollo de la LOPDCP (Real Decreto,\u2026","rel":"","context":"Entrada similar","block_context":{"text":"Entrada similar","link":""},"img":{"alt_text":"","src":"","width":0,"height":0},"classes":[]}],"jetpack_sharing_enabled":true,"jetpack_likes_enabled":true,"_links":{"self":[{"href":"https:\/\/madridnorteciclismo.es\/index.php\/wp-json\/wp\/v2\/pages\/645","targetHints":{"allow":["GET"]}}],"collection":[{"href":"https:\/\/madridnorteciclismo.es\/index.php\/wp-json\/wp\/v2\/pages"}],"about":[{"href":"https:\/\/madridnorteciclismo.es\/index.php\/wp-json\/wp\/v2\/types\/page"}],"author":[{"embeddable":true,"href":"https:\/\/madridnorteciclismo.es\/index.php\/wp-json\/wp\/v2\/users\/1"}],"replies":[{"embeddable":true,"href":"https:\/\/madridnorteciclismo.es\/index.php\/wp-json\/wp\/v2\/comments?post=645"}],"version-history":[{"count":274,"href":"https:\/\/madridnorteciclismo.es\/index.php\/wp-json\/wp\/v2\/pages\/645\/revisions"}],"predecessor-version":[{"id":4423,"href":"https:\/\/madridnorteciclismo.es\/index.php\/wp-json\/wp\/v2\/pages\/645\/revisions\/4423"}],"wp:featuredmedia":[{"embeddable":true,"href":"https:\/\/madridnorteciclismo.es\/index.php\/wp-json\/wp\/v2\/media\/3129"}],"wp:attachment":[{"href":"https:\/\/madridnorteciclismo.es\/index.php\/wp-json\/wp\/v2\/media?parent=645"}],"curies":[{"name":"wp","href":"https:\/\/api.w.org\/{rel}","templated":true}]}}